{"id":160,"date":"2020-10-09T10:52:43","date_gmt":"2020-10-09T10:52:43","guid":{"rendered":"http:\/\/emilbalic.com\/?page_id=160"},"modified":"2025-02-18T15:34:04","modified_gmt":"2025-02-18T15:34:04","slug":"directeur-artistique-graphiste-et-illustrateur-depuis-2013","status":"publish","type":"page","link":"https:\/\/emilbalic.com\/en\/directeur-artistique-graphiste-et-illustrateur-depuis-2013\/","title":{"rendered":"About"},"content":{"rendered":"<div data-elementor-type=\"wp-page\" data-elementor-id=\"160\" class=\"elementor elementor-160\">\n\t\t\t\t\t\t<section class=\"elementor-section elementor-top-section elementor-element elementor-element-5587f52a elementor-section-boxed elementor-section-height-default elementor-section-height-default\" data-id=\"5587f52a\" data-element_type=\"section\" data-e-type=\"section\">\n\t\t\t\t\t\t<div class=\"elementor-container elementor-column-gap-default\">\n\t\t\t\t\t<div class=\"elementor-column elementor-col-33 elementor-top-column elementor-element elementor-element-598cd925\" data-id=\"598cd925\" data-element_type=\"column\" data-e-type=\"column\">\n\t\t\t<div class=\"elementor-widget-wrap elementor-element-populated\">\n\t\t\t\t\t\t<div class=\"elementor-element elementor-element-3f8de833 elementor-widget elementor-widget-image\" data-id=\"3f8de833\" data-element_type=\"widget\" data-e-type=\"widget\" data-widget_type=\"image.default\">\n\t\t\t\t<div class=\"elementor-widget-container\">\n\t\t\t\t\t\t\t\t\t\t\t\t\t\t\t\t<a href=\"http:\/\/emilbalic.com\/en\/\">\n\t\t\t\t\t\t\t<img decoding=\"async\" src=\"https:\/\/emilbalic.com\/wp-content\/uploads\/2020\/11\/Logo-EB3-1.png\" title=\"logo eb emil balic\" alt=\"logo eb emil balic\" loading=\"lazy\" \/>\t\t\t\t\t\t\t\t<\/a>\n\t\t\t\t\t\t\t\t\t\t\t\t\t\t\t<\/div>\n\t\t\t\t<\/div>\n\t\t\t\t\t<\/div>\n\t\t<\/div>\n\t\t\t\t<div class=\"elementor-column elementor-col-66 elementor-top-column elementor-element elementor-element-4b577ee3\" data-id=\"4b577ee3\" data-element_type=\"column\" data-e-type=\"column\">\n\t\t\t<div class=\"elementor-widget-wrap elementor-element-populated\">\n\t\t\t\t\t\t<div class=\"elementor-element elementor-element-62b9728a elementor-align-right elementor-align--mobilecenter elementor-widget-mobile__width-initial elementor-hidden-phone elementor-widget elementor-widget-bl-nav-menu\" data-id=\"62b9728a\" data-element_type=\"widget\" data-e-type=\"widget\" data-widget_type=\"bl-nav-menu.default\">\n\t\t\t\t<div class=\"elementor-widget-container\">\n\t\t\t\t\t            <div class=\"htbuilder-menu-area\" >\n                <nav class=\"htbuilder-nav\" id=\"htbuilder-mobilemenu-62b9728a\">\n                    <ul id=\"menu-62b9728a\" class=\"htbuilder-mainmenu\"><li id=\"menu-item-191\" class=\"menu-item menu-item-type-post_type menu-item-object-page menu-item-home menu-item-191\"><a href=\"https:\/\/emilbalic.com\/en\/\">Portfolio<\/a><\/li>\n<li id=\"menu-item-169\" class=\"menu-item menu-item-type-post_type menu-item-object-page menu-item-169\"><a href=\"https:\/\/emilbalic.com\/en\/directeur-artistique-graphiste-et-illustrateur-depuis-2013\/\">About<\/a><\/li>\n<li id=\"menu-item-168\" class=\"menu-item menu-item-type-post_type menu-item-object-page menu-item-168\"><a href=\"https:\/\/emilbalic.com\/en\/contact\/\">Contact<\/a><\/li>\n<\/ul>                <\/nav>\n                <!-- Mobile Menu Content -->\n                <a href=\"#\" class=\"htbuilder-mobile-button\"><i class=\"fa fa-bars\"><\/i><\/a>\n                <div class=\"htbuilder-mobile-menu-area\">\n                    <div class=\"htbuilder-mobile-menu\">\n                        <a class=\"htbuilder-mobile-close\" href=\"#\"><i class=\"fa fa-times\"><\/i><\/a>\n                        <ul id=\"menu-62b9728a\" class=\"htbuilder-mainmenu\"><li id=\"menu-item-191\" class=\"menu-item menu-item-type-post_type menu-item-object-page menu-item-home menu-item-191\"><a href=\"https:\/\/emilbalic.com\/en\/\">Portfolio<\/a><\/li>\n<li id=\"menu-item-169\" class=\"menu-item menu-item-type-post_type menu-item-object-page menu-item-169\"><a href=\"https:\/\/emilbalic.com\/en\/directeur-artistique-graphiste-et-illustrateur-depuis-2013\/\">About<\/a><\/li>\n<li id=\"menu-item-168\" class=\"menu-item menu-item-type-post_type menu-item-object-page menu-item-168\"><a href=\"https:\/\/emilbalic.com\/en\/contact\/\">Contact<\/a><\/li>\n<\/ul>                    <\/div>\n                <\/div>\n                <!-- End Mobile Menu Content -->\n            <\/div>\n        \t\t\t\t<\/div>\n\t\t\t\t<\/div>\n\t\t\t\t\t<\/div>\n\t\t<\/div>\n\t\t\t\t\t<\/div>\n\t\t<\/section>\n\t\t\t\t<section class=\"elementor-section elementor-top-section elementor-element elementor-element-2f355b34 elementor-section-boxed elementor-section-height-default elementor-section-height-default\" data-id=\"2f355b34\" data-element_type=\"section\" data-e-type=\"section\">\n\t\t\t\t\t\t<div class=\"elementor-container elementor-column-gap-default\">\n\t\t\t\t\t<div class=\"elementor-column elementor-col-100 elementor-top-column elementor-element elementor-element-5e96d115\" data-id=\"5e96d115\" data-element_type=\"column\" data-e-type=\"column\">\n\t\t\t<div class=\"elementor-widget-wrap elementor-element-populated\">\n\t\t\t\t\t\t<div class=\"elementor-element elementor-element-1a7bb6d elementor-hidden-desktop elementor-hidden-tablet elementor-widget elementor-widget-htmega-inlinemenu-addons\" data-id=\"1a7bb6d\" data-element_type=\"widget\" data-e-type=\"widget\" data-widget_type=\"htmega-inlinemenu-addons.default\">\n\t\t\t\t<div class=\"elementor-widget-container\">\n\t\t\t\t\t            <div class=\"htmega-inlinemenu-area htmega-inlinemenu-style-2\" >\n                <nav class=\"linemenu-nav\">\n                    <ul id=\"menu-1a7bb6d\" class=\"htmega-mainmenu\"><li class=\"menu-item menu-item-type-post_type menu-item-object-page menu-item-home menu-item-191\"><a href=\"https:\/\/emilbalic.com\/en\/\">Portfolio<\/a><\/li>\n<li class=\"menu-item menu-item-type-post_type menu-item-object-page menu-item-169\"><a href=\"https:\/\/emilbalic.com\/en\/directeur-artistique-graphiste-et-illustrateur-depuis-2013\/\">About<\/a><\/li>\n<li class=\"menu-item menu-item-type-post_type menu-item-object-page menu-item-168\"><a href=\"https:\/\/emilbalic.com\/en\/contact\/\">Contact<\/a><\/li>\n<\/ul>                <\/nav>\n            <\/div>\n        \t\t\t\t<\/div>\n\t\t\t\t<\/div>\n\t\t\t\t\t<\/div>\n\t\t<\/div>\n\t\t\t\t\t<\/div>\n\t\t<\/section>\n\t\t\t\t<section class=\"elementor-section elementor-top-section elementor-element elementor-element-50d5ad5b elementor-section-height-min-height elementor-section-boxed elementor-section-height-default elementor-section-items-middle\" data-id=\"50d5ad5b\" data-element_type=\"section\" data-e-type=\"section\">\n\t\t\t\t\t\t<div class=\"elementor-container elementor-column-gap-default\">\n\t\t\t\t\t<div class=\"elementor-column elementor-col-100 elementor-top-column elementor-element elementor-element-5321d2f5\" data-id=\"5321d2f5\" data-element_type=\"column\" data-e-type=\"column\">\n\t\t\t<div class=\"elementor-widget-wrap elementor-element-populated\">\n\t\t\t\t\t\t<div class=\"elementor-element elementor-element-32035c7 elementor-widget elementor-widget-image\" data-id=\"32035c7\" data-element_type=\"widget\" data-e-type=\"widget\" data-widget_type=\"image.default\">\n\t\t\t\t<div class=\"elementor-widget-container\">\n\t\t\t\t\t\t\t\t\t\t\t\t\t\t\t<img decoding=\"async\" width=\"150\" height=\"150\" src=\"https:\/\/emilbalic.com\/wp-content\/uploads\/2020\/11\/Mat030-bis-150x150.png\" class=\"attachment-thumbnail size-thumbnail wp-image-684\" alt=\"emil balic graphiste freelance ind\u00e9pendant graphic designer directeur artistique artistic director\" srcset=\"https:\/\/emilbalic.com\/wp-content\/uploads\/2020\/11\/Mat030-bis-150x150.png 150w, https:\/\/emilbalic.com\/wp-content\/uploads\/2020\/11\/Mat030-bis.png 300w, https:\/\/emilbalic.com\/wp-content\/uploads\/2020\/11\/Mat030-bis-12x12.png 12w\" sizes=\"(max-width: 150px) 100vw, 150px\" \/>\t\t\t\t\t\t\t\t\t\t\t\t\t\t\t<\/div>\n\t\t\t\t<\/div>\n\t\t\t\t\t<\/div>\n\t\t<\/div>\n\t\t\t\t\t<\/div>\n\t\t<\/section>\n\t\t\t\t<section class=\"elementor-section elementor-top-section elementor-element elementor-element-a4f23d4 elementor-section-boxed elementor-section-height-default elementor-section-height-default\" data-id=\"a4f23d4\" data-element_type=\"section\" data-e-type=\"section\">\n\t\t\t\t\t\t<div class=\"elementor-container elementor-column-gap-default\">\n\t\t\t\t\t<div class=\"elementor-column elementor-col-100 elementor-top-column elementor-element elementor-element-758454a\" data-id=\"758454a\" data-element_type=\"column\" data-e-type=\"column\">\n\t\t\t<div class=\"elementor-widget-wrap\">\n\t\t\t\t\t\t\t<\/div>\n\t\t<\/div>\n\t\t\t\t\t<\/div>\n\t\t<\/section>\n\t\t\t\t<section class=\"elementor-section elementor-top-section elementor-element elementor-element-a1d7068 elementor-section-boxed elementor-section-height-default elementor-section-height-default\" data-id=\"a1d7068\" data-element_type=\"section\" data-e-type=\"section\">\n\t\t\t\t\t\t<div class=\"elementor-container elementor-column-gap-default\">\n\t\t\t\t\t<div class=\"elementor-column elementor-col-100 elementor-top-column elementor-element elementor-element-68bef9e\" data-id=\"68bef9e\" data-element_type=\"column\" data-e-type=\"column\">\n\t\t\t<div class=\"elementor-widget-wrap elementor-element-populated\">\n\t\t\t\t\t\t<div class=\"elementor-element elementor-element-8082493 elementor-widget__width-initial elementor-widget elementor-widget-text-editor\" data-id=\"8082493\" data-element_type=\"widget\" data-e-type=\"widget\" data-widget_type=\"text-editor.default\">\n\t\t\t\t<div class=\"elementor-widget-container\">\n\t\t\t\t\t\t\t\t\t<p>Cr\u00e9ation visuelle depuis 2013<\/p>\t\t\t\t\t\t\t\t<\/div>\n\t\t\t\t<\/div>\n\t\t\t\t<div class=\"elementor-element elementor-element-ffa187a elementor-widget__width-initial elementor-widget elementor-widget-text-editor\" data-id=\"ffa187a\" data-element_type=\"widget\" data-e-type=\"widget\" data-widget_type=\"text-editor.default\">\n\t\t\t\t<div class=\"elementor-widget-container\">\n\t\t\t\t\t\t\t\t\t<p>Emil Balic is an expert in graphic design and communication. After starting his career in the entertainment and real estate design industries, he joined the film distribution company <a href=\"http:\/\/www.arpselection.com\/category\/tous-nos-films\/\">ARP Selection<\/a> in 2015 as a film poster creator, combining his passion with his profession. Some of his notable works include visuals for productions such as the Korean blockbuster <em><a href=\"http:\/\/www.allocine.fr\/film\/fichefilm_gen_cfilm=246702.html\">Train To Busan<\/a><\/em>, <em><a href=\"http:\/\/www.allocine.fr\/film\/fichefilm_gen_cfilm=222465.html\">Life<\/a><\/em> starring Robert Pattinson, and <em><a href=\"http:\/\/www.allocine.fr\/film\/fichefilm_gen_cfilm=219698.html\">Partisan<\/a><\/em> starring Vincent Cassel.<\/p><p>In 2017, he joined <a href=\"https:\/\/www.lecerclenoir.fr\/\">Le Cercle Noir<\/a>, a leading cinema marketing agency in France, where he contributed to successful campaigns such as <em><a href=\"http:\/\/www.allocine.fr\/film\/fichefilm_gen_cfilm=238132.html\">Mission Impossible : Fallout<\/a><\/em>, <em><a href=\"http:\/\/www.allocine.fr\/film\/fichefilm_gen_cfilm=254612.html\">A Quiet Place<\/a><\/em>, and <em><a href=\"http:\/\/www.allocine.fr\/film\/fichefilm_gen_cfilm=253738.html\">Overlord<\/a><\/em> as well as for art-house productions like <em><a href=\"http:\/\/www.allocine.fr\/film\/fichefilm_gen_cfilm=252378.html\">Keep An Eye Out<\/a><\/em> by Quentin Dupieux, <em><a href=\"http:\/\/www.allocine.fr\/film\/fichefilm_gen_cfilm=251179.html\">A House By The Sea<\/a><\/em> by Robert Gu\u00e9diguian and <em><a href=\"http:\/\/www.allocine.fr\/film\/fichefilm_gen_cfilm=228834.html\">American Honey<\/a><\/em> by Andrea Arnold.<\/p><p>He continues his passion as an independent professional, collaborating with a variety of clients including <a href=\"https:\/\/www.tf1.fr\/tf1\/avenir\">TF1<\/a>, <a href=\"https:\/\/apollo-films.fr\/\">Apollo Films<\/a>, <a href=\"https:\/\/www.25eheure.com\/\">La Vingt-Cinqui\u00e8me Heure<\/a>, and <a href=\"https:\/\/lesvalseurs.com\/\">Les Valseurs<\/a>. Simultaneously, he is expanding his horizons into the music industry and other artistic and cultural sectors.<\/p>\t\t\t\t\t\t\t\t<\/div>\n\t\t\t\t<\/div>\n\t\t\t\t\t<\/div>\n\t\t<\/div>\n\t\t\t\t\t<\/div>\n\t\t<\/section>\n\t\t\t\t<section class=\"elementor-section elementor-top-section elementor-element elementor-element-c37ae4e elementor-section-boxed elementor-section-height-default elementor-section-height-default\" data-id=\"c37ae4e\" data-element_type=\"section\" data-e-type=\"section\">\n\t\t\t\t\t\t<div class=\"elementor-container elementor-column-gap-default\">\n\t\t\t\t\t<div class=\"elementor-column elementor-col-100 elementor-top-column elementor-element elementor-element-93f61fd\" data-id=\"93f61fd\" data-element_type=\"column\" data-e-type=\"column\">\n\t\t\t<div class=\"elementor-widget-wrap elementor-element-populated\">\n\t\t\t\t\t\t<div class=\"elementor-element elementor-element-0ff0e53 elementor-widget-divider--view-line elementor-widget elementor-widget-divider\" data-id=\"0ff0e53\" data-element_type=\"widget\" data-e-type=\"widget\" data-widget_type=\"divider.default\">\n\t\t\t\t<div class=\"elementor-widget-container\">\n\t\t\t\t\t\t\t<div class=\"elementor-divider\">\n\t\t\t<span class=\"elementor-divider-separator\">\n\t\t\t\t\t\t<\/span>\n\t\t<\/div>\n\t\t\t\t\t\t<\/div>\n\t\t\t\t<\/div>\n\t\t\t\t\t<\/div>\n\t\t<\/div>\n\t\t\t\t\t<\/div>\n\t\t<\/section>\n\t\t\t\t<\/div>","protected":false},"excerpt":{"rendered":"<p>Portfolio \u00c0 propos Contact Portfolio \u00c0 propos Contact Portfolio \u00c0 propos Contact Cr\u00e9ation visuelle depuis 2013 Emil Balic est expert en cr\u00e9ation graphique et en communication. Apr\u00e8s ses d\u00e9buts dans le milieu du spectacle et du design immobilier, il rejoint la soci\u00e9t\u00e9 de distribution ARP S\u00e9lection en 2015 en tant que cr\u00e9ateur d&rsquo;affiches de film, [&hellip;]<\/p>\n","protected":false},"author":1,"featured_media":744,"parent":0,"menu_order":0,"comment_status":"closed","ping_status":"closed","template":"elementor_canvas","meta":{"footnotes":""},"class_list":["post-160","page","type-page","status-publish","has-post-thumbnail","hentry"],"yoast_head":"<!-- This site is optimized with the Yoast SEO plugin v27.5 - https:\/\/yoast.com\/product\/yoast-seo-wordpress\/ -->\n<title>Emil Balic - \u00c0 propos<\/title>\n<meta name=\"description\" content=\"Directeur artistique, graphiste et illustrateur depuis 2013.\" \/>\n<meta name=\"robots\" content=\"index, follow, max-snippet:-1, max-image-preview:large, max-video-preview:-1\" \/>\n<link rel=\"canonical\" href=\"https:\/\/emilbalic.com\/en\/directeur-artistique-graphiste-et-illustrateur-depuis-2013\/\" \/>\n<meta property=\"og:locale\" content=\"en_US\" \/>\n<meta property=\"og:type\" content=\"article\" \/>\n<meta property=\"og:title\" content=\"Emil Balic -\" \/>\n<meta property=\"og:description\" content=\"Directeur artistique, graphiste et illustrateur depuis 2013.\" \/>\n<meta property=\"og:url\" content=\"https:\/\/emilbalic.com\/en\/directeur-artistique-graphiste-et-illustrateur-depuis-2013\/\" \/>\n<meta property=\"og:site_name\" content=\"Emil Balic\" \/>\n<meta property=\"article:modified_time\" content=\"2025-02-18T15:34:04+00:00\" \/>\n<meta property=\"og:image\" content=\"http:\/\/emilbalic.com\/wp-content\/uploads\/2020\/12\/emil-balic-graphiste-paris-graphic-designer-affiche-cinema-graphisme.jpg\" \/>\n\t<meta property=\"og:image:width\" content=\"966\" \/>\n\t<meta property=\"og:image:height\" content=\"800\" \/>\n\t<meta property=\"og:image:type\" content=\"image\/jpeg\" \/>\n<meta name=\"twitter:card\" content=\"summary_large_image\" \/>\n<meta name=\"twitter:title\" content=\"Emil Balic -\" \/>\n<meta name=\"twitter:description\" content=\"Directeur artistique, graphiste et illustrateur depuis 2013.\" \/>\n<meta name=\"twitter:image\" content=\"https:\/\/emilbalic.com\/wp-content\/uploads\/2020\/12\/emil-balic-graphiste-paris-graphic-designer-affiche-cinema-graphisme.jpg\" \/>\n<meta name=\"twitter:label1\" content=\"Est. reading time\" \/>\n\t<meta name=\"twitter:data1\" content=\"2 minutes\" \/>\n<script type=\"application\/ld+json\" class=\"yoast-schema-graph\">{\"@context\":\"https:\\\/\\\/schema.org\",\"@graph\":[{\"@type\":\"WebPage\",\"@id\":\"https:\\\/\\\/emilbalic.com\\\/directeur-artistique-graphiste-et-illustrateur-depuis-2013\\\/\",\"url\":\"https:\\\/\\\/emilbalic.com\\\/directeur-artistique-graphiste-et-illustrateur-depuis-2013\\\/\",\"name\":\"Emil Balic - \u00c0 propos\",\"isPartOf\":{\"@id\":\"https:\\\/\\\/emilbalic.com\\\/#website\"},\"primaryImageOfPage\":{\"@id\":\"https:\\\/\\\/emilbalic.com\\\/directeur-artistique-graphiste-et-illustrateur-depuis-2013\\\/#primaryimage\"},\"image\":{\"@id\":\"https:\\\/\\\/emilbalic.com\\\/directeur-artistique-graphiste-et-illustrateur-depuis-2013\\\/#primaryimage\"},\"thumbnailUrl\":\"https:\\\/\\\/emilbalic.com\\\/wp-content\\\/uploads\\\/2020\\\/12\\\/emil-balic-graphiste-paris-graphic-designer-affiche-cinema-graphisme.jpg\",\"datePublished\":\"2020-10-09T10:52:43+00:00\",\"dateModified\":\"2025-02-18T15:34:04+00:00\",\"description\":\"Directeur artistique, graphiste et illustrateur depuis 2013.\",\"breadcrumb\":{\"@id\":\"https:\\\/\\\/emilbalic.com\\\/directeur-artistique-graphiste-et-illustrateur-depuis-2013\\\/#breadcrumb\"},\"inLanguage\":\"en-US\",\"potentialAction\":[{\"@type\":\"ReadAction\",\"target\":[\"https:\\\/\\\/emilbalic.com\\\/directeur-artistique-graphiste-et-illustrateur-depuis-2013\\\/\"]}]},{\"@type\":\"ImageObject\",\"inLanguage\":\"en-US\",\"@id\":\"https:\\\/\\\/emilbalic.com\\\/directeur-artistique-graphiste-et-illustrateur-depuis-2013\\\/#primaryimage\",\"url\":\"https:\\\/\\\/emilbalic.com\\\/wp-content\\\/uploads\\\/2020\\\/12\\\/emil-balic-graphiste-paris-graphic-designer-affiche-cinema-graphisme.jpg\",\"contentUrl\":\"https:\\\/\\\/emilbalic.com\\\/wp-content\\\/uploads\\\/2020\\\/12\\\/emil-balic-graphiste-paris-graphic-designer-affiche-cinema-graphisme.jpg\",\"width\":966,\"height\":800,\"caption\":\"emil-balic-graphiste-paris-graphic-designer-affiche-cinema-graphisme\"},{\"@type\":\"BreadcrumbList\",\"@id\":\"https:\\\/\\\/emilbalic.com\\\/directeur-artistique-graphiste-et-illustrateur-depuis-2013\\\/#breadcrumb\",\"itemListElement\":[{\"@type\":\"ListItem\",\"position\":1,\"name\":\"Accueil\",\"item\":\"https:\\\/\\\/emilbalic.com\\\/\"},{\"@type\":\"ListItem\",\"position\":2,\"name\":\"\u00c0 propos\"}]},{\"@type\":\"WebSite\",\"@id\":\"https:\\\/\\\/emilbalic.com\\\/#website\",\"url\":\"https:\\\/\\\/emilbalic.com\\\/\",\"name\":\"Emil Balic\",\"description\":\"Cr\u00e9ations graphiques\",\"publisher\":{\"@id\":\"https:\\\/\\\/emilbalic.com\\\/#organization\"},\"potentialAction\":[{\"@type\":\"SearchAction\",\"target\":{\"@type\":\"EntryPoint\",\"urlTemplate\":\"https:\\\/\\\/emilbalic.com\\\/?s={search_term_string}\"},\"query-input\":{\"@type\":\"PropertyValueSpecification\",\"valueRequired\":true,\"valueName\":\"search_term_string\"}}],\"inLanguage\":\"en-US\"},{\"@type\":\"Organization\",\"@id\":\"https:\\\/\\\/emilbalic.com\\\/#organization\",\"name\":\"Emil Balic\",\"url\":\"https:\\\/\\\/emilbalic.com\\\/\",\"logo\":{\"@type\":\"ImageObject\",\"inLanguage\":\"en-US\",\"@id\":\"https:\\\/\\\/emilbalic.com\\\/#\\\/schema\\\/logo\\\/image\\\/\",\"url\":\"https:\\\/\\\/emilbalic.com\\\/wp-content\\\/uploads\\\/2020\\\/11\\\/cropped-emil-balic-graphiste-paris-graphic-designer-affiche-cinema-graphisme.jpg\",\"contentUrl\":\"https:\\\/\\\/emilbalic.com\\\/wp-content\\\/uploads\\\/2020\\\/11\\\/cropped-emil-balic-graphiste-paris-graphic-designer-affiche-cinema-graphisme.jpg\",\"width\":966,\"height\":800,\"caption\":\"Emil Balic\"},\"image\":{\"@id\":\"https:\\\/\\\/emilbalic.com\\\/#\\\/schema\\\/logo\\\/image\\\/\"}}]}<\/script>\n<!-- \/ Yoast SEO plugin. -->","yoast_head_json":{"title":"Emil Balic - \u00c0 propos","description":"Directeur artistique, graphiste et illustrateur depuis 2013.","robots":{"index":"index","follow":"follow","max-snippet":"max-snippet:-1","max-image-preview":"max-image-preview:large","max-video-preview":"max-video-preview:-1"},"canonical":"https:\/\/emilbalic.com\/en\/directeur-artistique-graphiste-et-illustrateur-depuis-2013\/","og_locale":"en_US","og_type":"article","og_title":"Emil Balic -","og_description":"Directeur artistique, graphiste et illustrateur depuis 2013.","og_url":"https:\/\/emilbalic.com\/en\/directeur-artistique-graphiste-et-illustrateur-depuis-2013\/","og_site_name":"Emil Balic","article_modified_time":"2025-02-18T15:34:04+00:00","og_image":[{"width":966,"height":800,"url":"http:\/\/emilbalic.com\/wp-content\/uploads\/2020\/12\/emil-balic-graphiste-paris-graphic-designer-affiche-cinema-graphisme.jpg","type":"image\/jpeg"}],"twitter_card":"summary_large_image","twitter_title":"Emil Balic -","twitter_description":"Directeur artistique, graphiste et illustrateur depuis 2013.","twitter_image":"https:\/\/emilbalic.com\/wp-content\/uploads\/2020\/12\/emil-balic-graphiste-paris-graphic-designer-affiche-cinema-graphisme.jpg","twitter_misc":{"Est. reading time":"2 minutes"},"schema":{"@context":"https:\/\/schema.org","@graph":[{"@type":"WebPage","@id":"https:\/\/emilbalic.com\/directeur-artistique-graphiste-et-illustrateur-depuis-2013\/","url":"https:\/\/emilbalic.com\/directeur-artistique-graphiste-et-illustrateur-depuis-2013\/","name":"Emil Balic - \u00c0 propos","isPartOf":{"@id":"https:\/\/emilbalic.com\/#website"},"primaryImageOfPage":{"@id":"https:\/\/emilbalic.com\/directeur-artistique-graphiste-et-illustrateur-depuis-2013\/#primaryimage"},"image":{"@id":"https:\/\/emilbalic.com\/directeur-artistique-graphiste-et-illustrateur-depuis-2013\/#primaryimage"},"thumbnailUrl":"https:\/\/emilbalic.com\/wp-content\/uploads\/2020\/12\/emil-balic-graphiste-paris-graphic-designer-affiche-cinema-graphisme.jpg","datePublished":"2020-10-09T10:52:43+00:00","dateModified":"2025-02-18T15:34:04+00:00","description":"Directeur artistique, graphiste et illustrateur depuis 2013.","breadcrumb":{"@id":"https:\/\/emilbalic.com\/directeur-artistique-graphiste-et-illustrateur-depuis-2013\/#breadcrumb"},"inLanguage":"en-US","potentialAction":[{"@type":"ReadAction","target":["https:\/\/emilbalic.com\/directeur-artistique-graphiste-et-illustrateur-depuis-2013\/"]}]},{"@type":"ImageObject","inLanguage":"en-US","@id":"https:\/\/emilbalic.com\/directeur-artistique-graphiste-et-illustrateur-depuis-2013\/#primaryimage","url":"https:\/\/emilbalic.com\/wp-content\/uploads\/2020\/12\/emil-balic-graphiste-paris-graphic-designer-affiche-cinema-graphisme.jpg","contentUrl":"https:\/\/emilbalic.com\/wp-content\/uploads\/2020\/12\/emil-balic-graphiste-paris-graphic-designer-affiche-cinema-graphisme.jpg","width":966,"height":800,"caption":"emil-balic-graphiste-paris-graphic-designer-affiche-cinema-graphisme"},{"@type":"BreadcrumbList","@id":"https:\/\/emilbalic.com\/directeur-artistique-graphiste-et-illustrateur-depuis-2013\/#breadcrumb","itemListElement":[{"@type":"ListItem","position":1,"name":"Accueil","item":"https:\/\/emilbalic.com\/"},{"@type":"ListItem","position":2,"name":"\u00c0 propos"}]},{"@type":"WebSite","@id":"https:\/\/emilbalic.com\/#website","url":"https:\/\/emilbalic.com\/","name":"Emil Balic","description":"Cr\u00e9ations graphiques","publisher":{"@id":"https:\/\/emilbalic.com\/#organization"},"potentialAction":[{"@type":"SearchAction","target":{"@type":"EntryPoint","urlTemplate":"https:\/\/emilbalic.com\/?s={search_term_string}"},"query-input":{"@type":"PropertyValueSpecification","valueRequired":true,"valueName":"search_term_string"}}],"inLanguage":"en-US"},{"@type":"Organization","@id":"https:\/\/emilbalic.com\/#organization","name":"Emil Balic","url":"https:\/\/emilbalic.com\/","logo":{"@type":"ImageObject","inLanguage":"en-US","@id":"https:\/\/emilbalic.com\/#\/schema\/logo\/image\/","url":"https:\/\/emilbalic.com\/wp-content\/uploads\/2020\/11\/cropped-emil-balic-graphiste-paris-graphic-designer-affiche-cinema-graphisme.jpg","contentUrl":"https:\/\/emilbalic.com\/wp-content\/uploads\/2020\/11\/cropped-emil-balic-graphiste-paris-graphic-designer-affiche-cinema-graphisme.jpg","width":966,"height":800,"caption":"Emil Balic"},"image":{"@id":"https:\/\/emilbalic.com\/#\/schema\/logo\/image\/"}}]}},"_links":{"self":[{"href":"https:\/\/emilbalic.com\/en\/wp-json\/wp\/v2\/pages\/160","targetHints":{"allow":["GET"]}}],"collection":[{"href":"https:\/\/emilbalic.com\/en\/wp-json\/wp\/v2\/pages"}],"about":[{"href":"https:\/\/emilbalic.com\/en\/wp-json\/wp\/v2\/types\/page"}],"author":[{"embeddable":true,"href":"https:\/\/emilbalic.com\/en\/wp-json\/wp\/v2\/users\/1"}],"replies":[{"embeddable":true,"href":"https:\/\/emilbalic.com\/en\/wp-json\/wp\/v2\/comments?post=160"}],"version-history":[{"count":128,"href":"https:\/\/emilbalic.com\/en\/wp-json\/wp\/v2\/pages\/160\/revisions"}],"predecessor-version":[{"id":1327,"href":"https:\/\/emilbalic.com\/en\/wp-json\/wp\/v2\/pages\/160\/revisions\/1327"}],"wp:featuredmedia":[{"embeddable":true,"href":"https:\/\/emilbalic.com\/en\/wp-json\/wp\/v2\/media\/744"}],"wp:attachment":[{"href":"https:\/\/emilbalic.com\/en\/wp-json\/wp\/v2\/media?parent=160"}],"curies":[{"name":"wp","href":"https:\/\/api.w.org\/{rel}","templated":true}]}}